{"id":2744,"date":"2018-01-16T12:47:57","date_gmt":"2018-01-16T11:47:57","guid":{"rendered":"http:\/\/pleinformat.free.fr\/?page_id=2744"},"modified":"2026-08-03T16:39:21","modified_gmt":"2026-08-03T14:39:21","slug":"haute-ubaye","status":"publish","type":"page","link":"https:\/\/pleinformat.pages-perso.free.fr\/index.php\/galeries\/montagne\/haute-ubaye\/","title":{"rendered":"Haute Ubaye"},"content":{"rendered":"\n<figure class=\"wp-block-gallery has-nested-images columns-3 is-cropped lightbox wp-block-gallery-1 is-layout-flex wp-block-gallery-is-layout-flex\">\n<figure class=\"wp-block-image size-medium\"><a  href=\"https:\/\/pleinformat.pages-perso.free.fr\/wp-content\/uploads\/2018\/01\/DSM_2677_Web.jpg\" data-rel=\"lightbox-gallery-0\" data-rl_title=\"\" data-rl_caption=\"Vallon de Maurin: Pic de Panestrel\" title=\"\"><img loading=\"lazy\" decoding=\"async\" width=\"300\" height=\"169\" data-id=\"2733\" src=\"https:\/\/pleinformat.pages-perso.free.fr\/wp-content\/uploads\/2018\/01\/DSM_2677_Web-300x169.jpg\" alt=\"Haute Ubaye\" class=\"wp-image-2733\" srcset=\"https:\/\/pleinformat.pages-perso.free.fr\/wp-content\/uploads\/2018\/01\/DSM_2677_Web-300x169.jpg 300w, https:\/\/pleinformat.pages-perso.free.fr\/wp-content\/uploads\/2018\/01\/DSM_2677_Web-768x432.jpg 768w, https:\/\/pleinformat.pages-perso.free.fr\/wp-content\/uploads\/2018\/01\/DSM_2677_Web.jpg 1422w, https:\/\/pleinformat.pages-perso.free.fr\/wp-content\/uploads\/2018\/01\/DSM_2677_Web-400x225.jpg 400w, https:\/\/pleinformat.pages-perso.free.fr\/wp-content\/uploads\/2018\/01\/DSM_2677_Web-860x484.jpg 860w\" sizes=\"auto, (max-width: 300px) 100vw, 300px\" \/><\/a><figcaption class=\"wp-element-caption\">Vallon de Maurin: Pic de Panestrel<\/figcaption><\/figure>\n\n\n\n<figure class=\"wp-block-image size-medium\"><a  href=\"https:\/\/pleinformat.pages-perso.free.fr\/wp-content\/uploads\/2018\/01\/DSM_2704_Web.jpg\" data-rel=\"lightbox-gallery-0\" data-rl_title=\"\" data-rl_caption=\"Vallon de Mary: Aiguille Large\" title=\"\"><img loading=\"lazy\" decoding=\"async\" width=\"300\" height=\"200\" data-id=\"2734\" src=\"https:\/\/pleinformat.pages-perso.free.fr\/wp-content\/uploads\/2018\/01\/DSM_2704_Web-300x200.jpg\" alt=\"Haute Ubaye\" class=\"wp-image-2734\" srcset=\"https:\/\/pleinformat.pages-perso.free.fr\/wp-content\/uploads\/2018\/01\/DSM_2704_Web-300x200.jpg 300w, https:\/\/pleinformat.pages-perso.free.fr\/wp-content\/uploads\/2018\/01\/DSM_2704_Web-768x512.jpg 768w, https:\/\/pleinformat.pages-perso.free.fr\/wp-content\/uploads\/2018\/01\/DSM_2704_Web.jpg 1199w\" sizes=\"auto, (max-width: 300px) 100vw, 300px\" \/><\/a><figcaption class=\"wp-element-caption\">Vallon de Mary: Aiguille Large<\/figcaption><\/figure>\n\n\n\n<figure class=\"wp-block-image size-medium\"><a  href=\"https:\/\/pleinformat.pages-perso.free.fr\/wp-content\/uploads\/2018\/01\/DSM_2714_Web.jpg\" data-rel=\"lightbox-gallery-0\" data-rl_title=\"\" data-rl_caption=\"Vallon de Mary: Aiguille Large - Aiguille Pierre Andr\u00e9\" title=\"\"><img loading=\"lazy\" decoding=\"async\" width=\"300\" height=\"200\" data-id=\"2789\" src=\"https:\/\/pleinformat.pages-perso.free.fr\/wp-content\/uploads\/2018\/01\/DSM_2714_Web-300x200.jpg\" alt=\"Haute Ubaye\" class=\"wp-image-2789\" srcset=\"https:\/\/pleinformat.pages-perso.free.fr\/wp-content\/uploads\/2018\/01\/DSM_2714_Web-300x200.jpg 300w, https:\/\/pleinformat.pages-perso.free.fr\/wp-content\/uploads\/2018\/01\/DSM_2714_Web-768x512.jpg 768w, https:\/\/pleinformat.pages-perso.free.fr\/wp-content\/uploads\/2018\/01\/DSM_2714_Web.jpg 1199w\" sizes=\"auto, (max-width: 300px) 100vw, 300px\" \/><\/a><figcaption class=\"wp-element-caption\">Vallon de Mary: Aiguille Large &#8211; Aiguille Pierre Andr\u00e9<\/figcaption><\/figure>\n\n\n\n<figure class=\"wp-block-image size-medium\"><a  href=\"https:\/\/pleinformat.pages-perso.free.fr\/wp-content\/uploads\/2018\/01\/DSM_2716_Web.jpg\" data-rel=\"lightbox-gallery-0\" data-rl_title=\"\" data-rl_caption=\"Cr\u00eate de la Testeta: Col de Mary - La Roche Noire - Auto Vallonasso - T\u00eate de Mo\u00efse - Tenibre - Pointe des Cirques - Aiguille de Chambeyron\" title=\"\"><img loading=\"lazy\" decoding=\"async\" width=\"300\" height=\"200\" data-id=\"2735\" src=\"https:\/\/pleinformat.pages-perso.free.fr\/wp-content\/uploads\/2018\/01\/DSM_2716_Web-300x200.jpg\" alt=\"Haute Ubaye\" class=\"wp-image-2735\" srcset=\"https:\/\/pleinformat.pages-perso.free.fr\/wp-content\/uploads\/2018\/01\/DSM_2716_Web-300x200.jpg 300w, https:\/\/pleinformat.pages-perso.free.fr\/wp-content\/uploads\/2018\/01\/DSM_2716_Web-768x512.jpg 768w, https:\/\/pleinformat.pages-perso.free.fr\/wp-content\/uploads\/2018\/01\/DSM_2716_Web.jpg 1199w\" sizes=\"auto, (max-width: 300px) 100vw, 300px\" \/><\/a><figcaption class=\"wp-element-caption\">Cr\u00eate de la Testeta: Col de Mary &#8211; La Roche Noire &#8211; Auto Vallonasso &#8211; T\u00eate de Mo\u00efse &#8211; Tenibre &#8211; Pointe des Cirques &#8211; Aiguille de Chambeyron<\/figcaption><\/figure>\n\n\n\n<figure class=\"wp-block-image size-medium\"><a  href=\"https:\/\/pleinformat.pages-perso.free.fr\/wp-content\/uploads\/2018\/01\/DSM_2733_Web.jpg\" data-rel=\"lightbox-gallery-0\" data-rl_title=\"\" data-rl_caption=\"Cr\u00eate de la Testeta: Col de Mary - Auto Vallonasso - T\u00eate de Mo\u00efse - Pointe des Cirques\" title=\"\"><img loading=\"lazy\" decoding=\"async\" width=\"300\" height=\"169\" data-id=\"2736\" src=\"https:\/\/pleinformat.pages-perso.free.fr\/wp-content\/uploads\/2018\/01\/DSM_2733_Web-300x169.jpg\" alt=\"Haute Ubaye\" class=\"wp-image-2736\" srcset=\"https:\/\/pleinformat.pages-perso.free.fr\/wp-content\/uploads\/2018\/01\/DSM_2733_Web-300x169.jpg 300w, https:\/\/pleinformat.pages-perso.free.fr\/wp-content\/uploads\/2018\/01\/DSM_2733_Web-768x432.jpg 768w, https:\/\/pleinformat.pages-perso.free.fr\/wp-content\/uploads\/2018\/01\/DSM_2733_Web.jpg 1422w, https:\/\/pleinformat.pages-perso.free.fr\/wp-content\/uploads\/2018\/01\/DSM_2733_Web-400x225.jpg 400w, https:\/\/pleinformat.pages-perso.free.fr\/wp-content\/uploads\/2018\/01\/DSM_2733_Web-860x484.jpg 860w\" sizes=\"auto, (max-width: 300px) 100vw, 300px\" \/><\/a><figcaption class=\"wp-element-caption\">Cr\u00eate de la Testeta: Col de Mary &#8211; Auto Vallonasso &#8211; T\u00eate de Mo\u00efse &#8211; Pointe des Cirques<\/figcaption><\/figure>\n\n\n\n<figure class=\"wp-block-image size-medium\"><a  href=\"https:\/\/pleinformat.pages-perso.free.fr\/wp-content\/uploads\/2018\/01\/DSM_2871_Web.jpg\" data-rel=\"lightbox-gallery-0\" data-rl_title=\"\" data-rl_caption=\"Vallon de Maurin: Combe Br\u00e9mond - L&#039;Ubaye\" title=\"\"><img loading=\"lazy\" decoding=\"async\" width=\"300\" height=\"200\" data-id=\"2737\" src=\"https:\/\/pleinformat.pages-perso.free.fr\/wp-content\/uploads\/2018\/01\/DSM_2871_Web-300x200.jpg\" alt=\"Haute Ubaye\" class=\"wp-image-2737\" srcset=\"https:\/\/pleinformat.pages-perso.free.fr\/wp-content\/uploads\/2018\/01\/DSM_2871_Web-300x200.jpg 300w, https:\/\/pleinformat.pages-perso.free.fr\/wp-content\/uploads\/2018\/01\/DSM_2871_Web-768x512.jpg 768w, https:\/\/pleinformat.pages-perso.free.fr\/wp-content\/uploads\/2018\/01\/DSM_2871_Web.jpg 1199w\" sizes=\"auto, (max-width: 300px) 100vw, 300px\" \/><\/a><figcaption class=\"wp-element-caption\">Vallon de Maurin: Combe Br\u00e9mond &#8211; L&rsquo;Ubaye<\/figcaption><\/figure>\n\n\n\n<figure class=\"wp-block-image size-medium\"><a  href=\"https:\/\/pleinformat.pages-perso.free.fr\/wp-content\/uploads\/2018\/01\/DSM_2879_Web.jpg\" data-rel=\"lightbox-gallery-0\" data-rl_title=\"\" data-rl_caption=\"Combe Br\u00e9mond: cabane\" title=\"\"><img loading=\"lazy\" decoding=\"async\" width=\"300\" height=\"214\" data-id=\"2738\" src=\"https:\/\/pleinformat.pages-perso.free.fr\/wp-content\/uploads\/2018\/01\/DSM_2879_Web-300x214.jpg\" alt=\"Haute Ubaye\" class=\"wp-image-2738\" srcset=\"https:\/\/pleinformat.pages-perso.free.fr\/wp-content\/uploads\/2018\/01\/DSM_2879_Web-300x214.jpg 300w, https:\/\/pleinformat.pages-perso.free.fr\/wp-content\/uploads\/2018\/01\/DSM_2879_Web-768x549.jpg 768w, https:\/\/pleinformat.pages-perso.free.fr\/wp-content\/uploads\/2018\/01\/DSM_2879_Web.jpg 1120w\" sizes=\"auto, (max-width: 300px) 100vw, 300px\" \/><\/a><figcaption class=\"wp-element-caption\">Combe Br\u00e9mond: cabane<\/figcaption><\/figure>\n\n\n\n<figure class=\"wp-block-image size-medium\"><a  href=\"https:\/\/pleinformat.pages-perso.free.fr\/wp-content\/uploads\/2018\/01\/DSM_2927_Web.jpg\" data-rel=\"lightbox-gallery-0\" data-rl_title=\"\" data-rl_caption=\"En montant \u00e0 Parouart: La Grande Roche - T\u00eate du Sanglier - Pic de Panestrel - T\u00eate de la Petite Part\" title=\"\"><img loading=\"lazy\" decoding=\"async\" width=\"300\" height=\"200\" data-id=\"2739\" src=\"https:\/\/pleinformat.pages-perso.free.fr\/wp-content\/uploads\/2018\/01\/DSM_2927_Web-300x200.jpg\" alt=\"Haute Ubaye\" class=\"wp-image-2739\" srcset=\"https:\/\/pleinformat.pages-perso.free.fr\/wp-content\/uploads\/2018\/01\/DSM_2927_Web-300x200.jpg 300w, https:\/\/pleinformat.pages-perso.free.fr\/wp-content\/uploads\/2018\/01\/DSM_2927_Web-768x512.jpg 768w, https:\/\/pleinformat.pages-perso.free.fr\/wp-content\/uploads\/2018\/01\/DSM_2927_Web.jpg 1199w\" sizes=\"auto, (max-width: 300px) 100vw, 300px\" \/><\/a><figcaption class=\"wp-element-caption\">En montant \u00e0 Parouart: La Grande Roche &#8211; T\u00eate du Sanglier &#8211; Pic de Panestrel &#8211; T\u00eate de la Petite Part<\/figcaption><\/figure>\n\n\n\n<figure class=\"wp-block-image size-medium\"><a  href=\"https:\/\/pleinformat.pages-perso.free.fr\/wp-content\/uploads\/2018\/01\/DSM_2982_Web-1.jpg\" data-rel=\"lightbox-gallery-0\" data-rl_title=\"\" data-rl_caption=\"Les Ribes de Parouart: Aiguille de Chambeyron - Aiguille de Chillol - Aiguille Grande - Aiguille Pierre Andr\u00e9\" title=\"\"><img loading=\"lazy\" decoding=\"async\" width=\"300\" height=\"169\" data-id=\"2740\" src=\"https:\/\/pleinformat.pages-perso.free.fr\/wp-content\/uploads\/2018\/01\/DSM_2982_Web-1-300x169.jpg\" alt=\"Haute Ubaye\" class=\"wp-image-2740\" srcset=\"https:\/\/pleinformat.pages-perso.free.fr\/wp-content\/uploads\/2018\/01\/DSM_2982_Web-1-300x169.jpg 300w, https:\/\/pleinformat.pages-perso.free.fr\/wp-content\/uploads\/2018\/01\/DSM_2982_Web-1-768x432.jpg 768w, https:\/\/pleinformat.pages-perso.free.fr\/wp-content\/uploads\/2018\/01\/DSM_2982_Web-1.jpg 1422w, https:\/\/pleinformat.pages-perso.free.fr\/wp-content\/uploads\/2018\/01\/DSM_2982_Web-1-400x225.jpg 400w, https:\/\/pleinformat.pages-perso.free.fr\/wp-content\/uploads\/2018\/01\/DSM_2982_Web-1-860x484.jpg 860w\" sizes=\"auto, (max-width: 300px) 100vw, 300px\" \/><\/a><figcaption class=\"wp-element-caption\">Les Ribes de Parouart: Aiguille de Chambeyron &#8211; Aiguille de Chillol &#8211; Aiguille Grande &#8211; Aiguille Pierre Andr\u00e9<\/figcaption><\/figure>\n\n\n\n<figure class=\"wp-block-image size-medium\"><a  href=\"https:\/\/pleinformat.pages-perso.free.fr\/wp-content\/uploads\/2018\/01\/DSM_3019_Web.jpg\" data-rel=\"lightbox-gallery-0\" data-rl_title=\"\" data-rl_caption=\"Maurin: Eglise romane Saint-Antoine-du-D\u00e9sert de Maurin\" title=\"\"><img loading=\"lazy\" decoding=\"async\" width=\"300\" height=\"200\" data-id=\"2741\" src=\"https:\/\/pleinformat.pages-perso.free.fr\/wp-content\/uploads\/2018\/01\/DSM_3019_Web-300x200.jpg\" alt=\"Haute Ubaye\" class=\"wp-image-2741\" srcset=\"https:\/\/pleinformat.pages-perso.free.fr\/wp-content\/uploads\/2018\/01\/DSM_3019_Web-300x200.jpg 300w, https:\/\/pleinformat.pages-perso.free.fr\/wp-content\/uploads\/2018\/01\/DSM_3019_Web-768x512.jpg 768w, https:\/\/pleinformat.pages-perso.free.fr\/wp-content\/uploads\/2018\/01\/DSM_3019_Web.jpg 1199w\" sizes=\"auto, (max-width: 300px) 100vw, 300px\" \/><\/a><figcaption class=\"wp-element-caption\">Maurin: Eglise romane Saint-Antoine-du-D\u00e9sert de Maurin<\/figcaption><\/figure>\n\n\n\n<figure class=\"wp-block-image size-medium\"><a  href=\"https:\/\/pleinformat.pages-perso.free.fr\/wp-content\/uploads\/2018\/01\/DSM_3023_Web.jpg\" data-rel=\"lightbox-gallery-0\" data-rl_title=\"\" data-rl_caption=\"Maurin: Eglise romane Saint-Antoine-du-D\u00e9sert de Maurin\" title=\"\"><img loading=\"lazy\" decoding=\"async\" width=\"300\" height=\"200\" data-id=\"2742\" src=\"https:\/\/pleinformat.pages-perso.free.fr\/wp-content\/uploads\/2018\/01\/DSM_3023_Web-300x200.jpg\" alt=\"Haute Ubaye\" class=\"wp-image-2742\" srcset=\"https:\/\/pleinformat.pages-perso.free.fr\/wp-content\/uploads\/2018\/01\/DSM_3023_Web-300x200.jpg 300w, https:\/\/pleinformat.pages-perso.free.fr\/wp-content\/uploads\/2018\/01\/DSM_3023_Web-768x512.jpg 768w, https:\/\/pleinformat.pages-perso.free.fr\/wp-content\/uploads\/2018\/01\/DSM_3023_Web.jpg 1199w\" sizes=\"auto, (max-width: 300px) 100vw, 300px\" \/><\/a><figcaption class=\"wp-element-caption\">Maurin: Eglise romane Saint-Antoine-du-D\u00e9sert de Maurin<\/figcaption><\/figure>\n<\/figure>\n","protected":false},"excerpt":{"rendered":"","protected":false},"author":1,"featured_media":2742,"parent":719,"menu_order":0,"comment_status":"closed","ping_status":"closed","template":"","meta":{"footnotes":""},"class_list":["post-2744","page","type-page","status-publish","has-post-thumbnail","hentry"],"_links":{"self":[{"href":"https:\/\/pleinformat.pages-perso.free.fr\/index.php\/wp-json\/wp\/v2\/pages\/2744","targetHints":{"allow":["GET"]}}],"collection":[{"href":"https:\/\/pleinformat.pages-perso.free.fr\/index.php\/wp-json\/wp\/v2\/pages"}],"about":[{"href":"https:\/\/pleinformat.pages-perso.free.fr\/index.php\/wp-json\/wp\/v2\/types\/page"}],"author":[{"embeddable":true,"href":"https:\/\/pleinformat.pages-perso.free.fr\/index.php\/wp-json\/wp\/v2\/users\/1"}],"replies":[{"embeddable":true,"href":"https:\/\/pleinformat.pages-perso.free.fr\/index.php\/wp-json\/wp\/v2\/comments?post=2744"}],"version-history":[{"count":0,"href":"https:\/\/pleinformat.pages-perso.free.fr\/index.php\/wp-json\/wp\/v2\/pages\/2744\/revisions"}],"up":[{"embeddable":true,"href":"https:\/\/pleinformat.pages-perso.free.fr\/index.php\/wp-json\/wp\/v2\/pages\/719"}],"wp:featuredmedia":[{"embeddable":true,"href":"https:\/\/pleinformat.pages-perso.free.fr\/index.php\/wp-json\/wp\/v2\/media\/2742"}],"wp:attachment":[{"href":"https:\/\/pleinformat.pages-perso.free.fr\/index.php\/wp-json\/wp\/v2\/media?parent=2744"}],"curies":[{"name":"wp","href":"https:\/\/api.w.org\/{rel}","templated":true}]}}